{"id":1122,"date":"2022-05-16T13:10:58","date_gmt":"2022-05-16T13:10:58","guid":{"rendered":"https:\/\/www.adecedisseny.com\/politica-privacidad\/"},"modified":"2022-05-16T13:10:58","modified_gmt":"2022-05-16T13:10:58","slug":"politica-privacidad","status":"publish","type":"page","link":"https:\/\/www.adecedisseny.com\/es\/politica-privacidad\/","title":{"rendered":"Legal"},"content":{"rendered":"\t\t<div data-elementor-type=\"wp-page\" data-elementor-id=\"1122\" class=\"elementor elementor-1122 elementor-3\" data-elementor-post-type=\"page\">\n\t\t\t\t\t\t<section class=\"elementor-section elementor-top-section elementor-element elementor-element-6fb0c133 elementor-section-full_width elementor-section-height-default elementor-section-height-default\" data-id=\"6fb0c133\" data-element_type=\"section\">\n\t\t\t\t\t\t<div class=\"elementor-container elementor-column-gap-default\">\n\t\t\t\t\t<div class=\"elementor-column elementor-col-100 elementor-top-column elementor-element elementor-element-5f121dc8\" data-id=\"5f121dc8\" data-element_type=\"column\">\n\t\t\t<div class=\"elementor-widget-wrap elementor-element-populated\">\n\t\t\t\t\t\t<div class=\"elementor-element elementor-element-02b8d65 elementor-widget elementor-widget-heading\" data-id=\"02b8d65\" data-element_type=\"widget\" data-widget_type=\"heading.default\">\n\t\t\t\t<div class=\"elementor-widget-container\">\n\t\t\t<style>\/*! elementor - v3.21.0 - 08-05-2024 *\/\n.elementor-heading-title{padding:0;margin:0;line-height:1}.elementor-widget-heading .elementor-heading-title[class*=elementor-size-]>a{color:inherit;font-size:inherit;line-height:inherit}.elementor-widget-heading .elementor-heading-title.elementor-size-small{font-size:15px}.elementor-widget-heading .elementor-heading-title.elementor-size-medium{font-size:19px}.elementor-widget-heading .elementor-heading-title.elementor-size-large{font-size:29px}.elementor-widget-heading .elementor-heading-title.elementor-size-xl{font-size:39px}.elementor-widget-heading .elementor-heading-title.elementor-size-xxl{font-size:59px}<\/style><h1 class=\"elementor-heading-title elementor-size-default\">LEGAL<\/h1>\t\t<\/div>\n\t\t\t\t<\/div>\n\t\t\t\t\t<\/div>\n\t\t<\/div>\n\t\t\t\t\t<\/div>\n\t\t<\/section>\n\t\t\t\t<section class=\"elementor-section elementor-top-section elementor-element elementor-element-8663f9b elementor-section-full_width elementor-section-height-default elementor-section-height-default\" data-id=\"8663f9b\" data-element_type=\"section\">\n\t\t\t\t\t\t<div class=\"elementor-container elementor-column-gap-default\">\n\t\t\t\t\t<div class=\"elementor-column elementor-col-33 elementor-top-column elementor-element elementor-element-5cd9ec0\" data-id=\"5cd9ec0\" data-element_type=\"column\">\n\t\t\t<div class=\"elementor-widget-wrap elementor-element-populated\">\n\t\t\t\t\t\t<div class=\"elementor-element elementor-element-641b162 elementor-widget elementor-widget-heading\" data-id=\"641b162\" data-element_type=\"widget\" data-widget_type=\"heading.default\">\n\t\t\t\t<div class=\"elementor-widget-container\">\n\t\t\t<h2 class=\"elementor-heading-title elementor-size-default\">Av\u00eds Legal<\/h2>\t\t<\/div>\n\t\t\t\t<\/div>\n\t\t\t\t<div class=\"elementor-element elementor-element-9133c93 elementor-widget elementor-widget-text-editor\" data-id=\"9133c93\" data-element_type=\"widget\" data-widget_type=\"text-editor.default\">\n\t\t\t\t<div class=\"elementor-widget-container\">\n\t\t\t<style>\/*! elementor - v3.21.0 - 08-05-2024 *\/\n.elementor-widget-text-editor.elementor-drop-cap-view-stacked .elementor-drop-cap{background-color:#69727d;color:#fff}.elementor-widget-text-editor.elementor-drop-cap-view-framed .elementor-drop-cap{color:#69727d;border:3px solid;background-color:transparent}.elementor-widget-text-editor:not(.elementor-drop-cap-view-default) .elementor-drop-cap{margin-top:8px}.elementor-widget-text-editor:not(.elementor-drop-cap-view-default) .elementor-drop-cap-letter{width:1em;height:1em}.elementor-widget-text-editor .elementor-drop-cap{float:left;text-align:center;line-height:1;font-size:50px}.elementor-widget-text-editor .elementor-drop-cap-letter{display:inline-block}<\/style>\t\t\t\t<p>adecedisseny.com \u00e9s un lloc web propietat d\u2019Adri\u00e0 Davins Cornellas, amb domicili social al Carrer Arag\u00f3, 14 de Prats de Llu\u00e7an\u00e8s (08513), Barcelona i amb NIF 77744864B.<\/p>\n<p>La finalitat del web adecedisseny.com \u00e9s oferir informaci\u00f3 sobre els serveis de disseny gr\u00e0fic i web que ofereix Adri\u00e0 Davins com a dissenyador freelance.<\/p>\n<p>L\u2019acc\u00e9s a adecedisseny.com \u00e9s gratu\u00eft i no es preveuen serveis comercials i\/o transaccions electr\u00f2niques; en cas de ser-ho en el futur, s\u2019emetran les corresponents condicions generals i es modificar\u00e0 aquest av\u00eds legal.<\/p>\n<p>L\u2019\u00fas del lloc web implica l\u2019acceptaci\u00f3 del contingut d\u2019aquest <em>av\u00eds legal<\/em>.<\/p>\n<p>Responsabilitat: <br \/>Adri\u00e0 Davins Cornellas no es far\u00e0 responsable dels danys o perjudicis derivats del mal funcionament de les xarxes telem\u00e0tiques que facilitin l\u2019acc\u00e9s a adecedisseny.com o de possibles interrupcions en l\u2019accessibilitat, virus, connexions i sistemes operatius d\u2019acc\u00e9s a la xarxa d\u2019Internet. De la mateixa manera, Adri\u00e0 Davins Cornellas tampoc pot ser considerat responsable dels possibles danys i perjudicis derivats de les accions il\u00b7legals i il\u00b7leg\u00edtimes de tercers en la transmissi\u00f3 de dades a trav\u00e9s de xarxes telem\u00e0tiques.<\/p>\n<p>Contingut web: <br \/>La informaci\u00f3 del lloc web pot no estar actualitzada, en aquest cas Adri\u00e0 Davins Cornellas no ser\u00e0 responsable dels possibles danys i perjudicis derivats de l\u2019\u00fas extern i\/o de tercers de la informaci\u00f3 facilitada.<\/p>\n<p>Adri\u00e0 Davins Cornellas es reserva el dret de suspendre temporalment l\u2019acc\u00e9s al lloc web quan sigui necessari sense previ av\u00eds per dur a terme qualsevol manteniment i actualitzaci\u00f3 requerida.<\/p>\n<p>adecedisseny.com pot contenir enlla\u00e7os a p\u00e0gines web externes de tercers el contingut dels quals no es pot atribuir ni exigir a Adri\u00e0 Davins Cornellas, essent responsable el propietari de cada lloc web enlla\u00e7at. L\u2019establiment de qualsevol hiperenlla\u00e7 des d\u2019un lloc web a adecedisseny.com obliga a prohibir totalment la reproducci\u00f3 parcial i\/o total dels serveis continguts a Adri\u00e0 Davins Cornellas sense autoritzaci\u00f3 pr\u00e8via.<\/p>\n<p>Modificaci\u00f3 de termes i condicions: <br \/>El contingut d\u2019aquest av\u00eds legal t\u00e9 una durada indefinida, podent modificar-se en qualsevol moment per donar resposta a la legislaci\u00f3 vigent en cada moment i als canvis que es puguin derivar de l\u2019activitat d\u2019Adri\u00e0 Davins Cornellas.<\/p>\n<p>Legislaci\u00f3 aplicable i jurisdicci\u00f3: <br \/>El contingut d\u2019aquest av\u00eds legal i qualsevol de les pol\u00edtiques de privacitat, cookies i normes sectorials aplicables es regeixen per la legislaci\u00f3 espanyola vigent en cada moment.<\/p>\t\t\t\t\t\t<\/div>\n\t\t\t\t<\/div>\n\t\t\t\t\t<\/div>\n\t\t<\/div>\n\t\t\t\t<div class=\"elementor-column elementor-col-33 elementor-top-column elementor-element elementor-element-3ab32b6\" data-id=\"3ab32b6\" data-element_type=\"column\">\n\t\t\t<div class=\"elementor-widget-wrap elementor-element-populated\">\n\t\t\t\t\t\t<div class=\"elementor-element elementor-element-a26035f elementor-widget elementor-widget-heading\" data-id=\"a26035f\" data-element_type=\"widget\" data-widget_type=\"heading.default\">\n\t\t\t\t<div class=\"elementor-widget-container\">\n\t\t\t<h2 class=\"elementor-heading-title elementor-size-default\">Pol\u00edtica de privacitat<\/h2>\t\t<\/div>\n\t\t\t\t<\/div>\n\t\t\t\t<div class=\"elementor-element elementor-element-f5c68ed elementor-widget elementor-widget-text-editor\" data-id=\"f5c68ed\" data-element_type=\"widget\" data-widget_type=\"text-editor.default\">\n\t\t\t\t<div class=\"elementor-widget-container\">\n\t\t\t\t\t\t\t<p>Mitjan\u00e7ant aquesta pol\u00edtica de privacitat l\u2019informem que en compliment del que disposa la normativa aplicable en mat\u00e8ria de protecci\u00f3 de dades personals, la informaci\u00f3 sol\u00b7licitada en qualsevol formulari i\/o espais que requereixin la seva informaci\u00f3 en aquest lloc web passar\u00e0 a formar part de registres propietat d\u2019Adri\u00e0 Davins Cornellas, amb domicili social al Carrer Arag\u00f3, 14 de Prats de Llu\u00e7an\u00e8s (08513), Barcelona i amb NIF 77744864B.<\/p>\n<p>Finalitat del tractament de dades: <br \/>Les teves dades seran tractades amb l\u2019\u00fanica finalitat de donar resposta a la teva consulta, prestar els serveis sol\u00b7licitats i facilitar informaci\u00f3 sobre la nostra organitzaci\u00f3.<\/p>\n<p>A m\u00e9s, les dades de contacte es podran utilitzar per comunicar not\u00edcies i accions proactives al portal, enviant la informaci\u00f3 relacionada nom\u00e9s per correu electr\u00f2nic. A aquest efecte, haur\u00e0 de donar el seu consentiment expr\u00e9s per rebre aquesta informaci\u00f3 en el formulari corresponent. En qualsevol cas, si l\u2019usuari vol revocar aquest consentiment, s\u2019ha de comunicar per escrit a Adri\u00e0 Davins Cornellas enviant un correu electr\u00f2nic a hola@adecedisseny.com.<\/p>\n<p>Les dades requerides per a cada formulari s\u2019identificaran com a tals. En cas de faltar o incorrecte, Adri\u00e0 Davins Cornellas no podr\u00e0 identificar-te correctament i, en conseq\u00fc\u00e8ncia, s\u2019eliminar\u00e0 el registre si escau.<\/p>\n<p>Legitimaci\u00f3 i exercici de drets: <br \/>L\u2019usuari consent el tractament de les seves dades per a les finalitats descrites i podr\u00e0 exercir els seus drets d\u2019acc\u00e9s, rectificaci\u00f3, cancel\u00b7laci\u00f3 i oposici\u00f3 aix\u00ed com altres drets inclosos en la normativa europea enviant un correu electr\u00f2nic a hola@adecedisseny.com, identificant-se com a un usuari del lloc web, especificant l\u2019exercici dels seus drets en la seva sol\u00b7licitud o exercint els seus drets mitjan\u00e7ant comunicaci\u00f3 postal mitjan\u00e7ant correu ordinari a l\u2019adre\u00e7a (adre\u00e7a social) indicada anteriorment.<\/p>\n<p>Protecci\u00f3 de drets de l\u2019Autoritat de Protecci\u00f3 de Dades: <br \/>En qualsevol cas de vulneraci\u00f3 del dret a la protecci\u00f3 de dades personals, l\u2019usuari podr\u00e0 dirigir-se a l\u2019Autoritat Nacional de Protecci\u00f3 de Dades corresponent, l\u2019Ag\u00e8ncia Espanyola de Protecci\u00f3 de Dades, www.agpd.es, per iniciar els tr\u00e0mits pertinents per fer valer i\/o defensar els seus drets.\u00a0<\/p>\n<p>Retenci\u00f3 de dades: <br \/>Les seves dades es conservaran durant el temps necessari per complir la finalitat per a la qual han estat recollides i les obligacions legals que se\u2019n deriven i, en tot cas, durant un m\u00e0xim de 10 anys un cop finalitzada la relaci\u00f3 comercial.<\/p>\n<p>Responsabilitats de l\u2019usuari: <br \/>L\u2019usuari certifica que \u00e9s major d\u2019edat amb la capacitat i coneixements suficients per utilitzar el lloc web d\u2019Adri\u00e0 Davins Cornellas i el seu contingut, assegurant que la informaci\u00f3 facilitada en cada formulari on Adri\u00e0 Davins Cornellas sol\u00b7liciti les seves dades personals \u00e9s vera\u00e7, assumint la responsabilitat d\u2019informar a aquest. Adri\u00e0 Davins Cornellas de qualsevol canvi i\/o modificaci\u00f3 d\u2019aquestes dades per al seu correcte tractament.<\/p>\n<p>Mesures de seguretat:<br \/>Adri\u00e0 Davins Cornellas ha implantat les mesures de seguretat necess\u00e0ries per garantir l\u2019\u00fas i tractament efectiu de les dades personals facilitades per l\u2019usuari, salvaguardant la privacitat, confidencialitat i integritat de les mateixes, complint amb els requisits normatius establerts en el Reglament de desenvolupament de la Llei Org\u00e0nica 15\/1999, de 13 de desembre, de protecci\u00f3 de dades de car\u00e0cter personal, aprovat pel Reial decret 1720\/2007, de 21 de desembre, pel qual s\u2019utilitzen els mitjans t\u00e8cnics necessaris per evitar l\u2019alteraci\u00f3, p\u00e8rdua, acc\u00e9s no autoritzat o tractament d\u2019aquestes dades segons l\u2019estat de la tecnologia en en qualsevol moment, aix\u00ed com l\u2019\u00e0mbit de control d\u2019Adri\u00e0 Davins Cornellas.<\/p>\n<p>Adri\u00e0 Davins Cornellas podr\u00e0 modificar el contingut de la seva pol\u00edtica de privacitat en qualsevol moment d\u2019acord amb les modificacions legislatives, jurisprudencials o interpretatives de l\u2019Ag\u00e8ncia Espanyola de Protecci\u00f3 de Dades que es puguin produir.<\/p>\n<p>Cl\u00e0usula per a formularis i registres: <br \/>Als efectes del que estableix la normativa estatal i europea sobre privacitat i protecci\u00f3 de dades personals, Adri\u00e0 Davins Cornellas confirma que les dades facilitades a trav\u00e9s del formulari web passaran a formar part dels registres sota la responsabilitat d\u2019Adri\u00e0 Davins Cornellas amb la finalitat de gestionar la seva consulta i informar a vost\u00e8 del seu estat. Les seves dades es conservaran durant el per\u00edode necessari per al manteniment de la relaci\u00f3 i un m\u00e0xim de cinc anys en qualsevol cas. Amb la introducci\u00f3 i l\u2019enviament de les seves dades consentiu aquest tractament amb la finalitat indicada.<\/p>\n<p>Per tot l&#8217;anterior, us demanem que marqueu les caselles seg\u00fcents per indicar la vostra conformitat:<\/p>\n<p>Pots exercir els teus drets d&#8217;acc\u00e9s, rectificaci\u00f3, cancel\u00b7laci\u00f3 i oposici\u00f3 aix\u00ed com els drets de portabilitat i limitaci\u00f3 del tractament que ofereix el RGPD dirigint-te a: Adri\u00e0 Davins Cornellas, a l&#8217;adre\u00e7a Carrer Arag\u00f3, 14 de Prats de Llu\u00e7an\u00e8s (08513), Barcelona; o per correu electr\u00f2nic a hola@adecedisseny.com En qualsevol cas, pot dirigir-se a l&#8217;Ag\u00e8ncia Espanyola de Protecci\u00f3 de Dades, www.agpd.es, per iniciar els tr\u00e0mits pertinents en defensa dels seus drets.<\/p>\t\t\t\t\t\t<\/div>\n\t\t\t\t<\/div>\n\t\t\t\t\t<\/div>\n\t\t<\/div>\n\t\t\t\t<div class=\"elementor-column elementor-col-33 elementor-top-column elementor-element elementor-element-db8035a\" data-id=\"db8035a\" data-element_type=\"column\">\n\t\t\t<div class=\"elementor-widget-wrap elementor-element-populated\">\n\t\t\t\t\t\t<div class=\"elementor-element elementor-element-c3d655c elementor-widget elementor-widget-heading\" data-id=\"c3d655c\" data-element_type=\"widget\" data-widget_type=\"heading.default\">\n\t\t\t\t<div class=\"elementor-widget-container\">\n\t\t\t<h2 class=\"elementor-heading-title elementor-size-default\">Pol\u00edtica de cookies<\/h2>\t\t<\/div>\n\t\t\t\t<\/div>\n\t\t\t\t<div class=\"elementor-element elementor-element-9ae1770 elementor-widget elementor-widget-text-editor\" data-id=\"9ae1770\" data-element_type=\"widget\" data-widget_type=\"text-editor.default\">\n\t\t\t\t<div class=\"elementor-widget-container\">\n\t\t\t\t\t\t\t<p>Qu\u00e8 \u00e9s una cookie? <br \/>Una cookie \u00e9s una petita dada que un lloc web demana al vostre navegador que emmagatzemi al vostre ordinador o dispositiu m\u00f2bil per permetre consultar la vostra activitat pr\u00e8via. L\u2019objectiu principal \u00e9s fer el seguiment dels usuaris que accedeixen al portal i identificar les seves prefer\u00e8ncies de navegaci\u00f3, permetent-los emmagatzemar per a una posterior consulta. Aquesta informaci\u00f3 s\u2019emmagatzema a l\u2019ordinador, tauleta o tel\u00e8fon intel\u00b7ligent de l\u2019usuari i pot ser actualitzada i recuperada pel propietari del lloc web.<\/p>\n<p>El contingut d\u2019una cookie pot incloure la data i hora de la visita al lloc web i identificar els espais visitats per l\u2019usuari durant la navegaci\u00f3.<\/p>\n<p>\u00das: <br \/>adecedisseny.com utilitza cookies pr\u00f2pies per oferir un millor servei i atenci\u00f3 a trav\u00e9s del lloc web i per prestar de manera eficient els serveis sol\u00b7licitats en l\u00ednia, aix\u00ed com per obtenir m\u00e9s informaci\u00f3 sobre les seves prefer\u00e8ncies, personalitzant el lloc web segons els seus interessos i facilitant una navegaci\u00f3 efica\u00e7 i personalitzada. experi\u00e8ncia.<\/p>\n<p>Les galetes per emmagatzemar i recuperar informaci\u00f3 sobre els h\u00e0bits de navegaci\u00f3 de l\u2019usuari o del seu ordinador poden, en funci\u00f3 de la informaci\u00f3 que continguin i de la forma en qu\u00e8 s\u2019utilitza l\u2019ordinador, servir per recon\u00e8ixer l\u2019usuari, aconseguint una major personalitzaci\u00f3 i an\u00e0lisi del seu comportament.<\/p>\n<p>D\u2019acord amb l\u2019art. 22.2 de la Llei de Serveis de la Societat de la Informaci\u00f3 i de Comer\u00e7 Electr\u00f2nic (LSSICE) i d\u2019acord amb la transposici\u00f3 de la Directiva Europea 2009\/136\/CE, adecedisseny.com utilitza cookies pr\u00f2pies i de tercers i la simple navegaci\u00f3 pel lloc web implica l\u2019acceptaci\u00f3 del seu \u00fas.<\/p>\n<p>Aix\u00ed mateix, pel que fa a l\u2019\u00fas de cookies per part d\u2019Adri\u00e0 Davins Cornellas a la seva p\u00e0gina web, es complementar\u00e0 amb els avisos informatius que aquest facilita als usuaris a les seves p\u00e0gines d\u2019inici en relaci\u00f3 amb el tipus de cookies que requereixen informaci\u00f3 i consentiment de l\u2019usuari.<\/p>\t\t\t\t\t\t<\/div>\n\t\t\t\t<\/div>\n\t\t\t\t\t<\/div>\n\t\t<\/div>\n\t\t\t\t\t<\/div>\n\t\t<\/section>\n\t\t\t\t<\/div>\n\t\t","protected":false},"excerpt":{"rendered":"<p>LEGAL Av\u00eds Legal adecedisseny.com \u00e9s un lloc web propietat d\u2019Adri\u00e0 Davins Cornellas, amb domicili social al Carrer Arag\u00f3, 14 de Prats de Llu\u00e7an\u00e8s (08513), Barcelona i amb NIF 77744864B. La finalitat del web adecedisseny.com \u00e9s oferir informaci\u00f3 sobre els serveis de disseny gr\u00e0fic i web que ofereix Adri\u00e0 Davins com a dissenyador freelance. L\u2019acc\u00e9s a [&hellip;]<\/p>\n","protected":false},"author":1,"featured_media":0,"parent":0,"menu_order":0,"comment_status":"closed","ping_status":"closed","template":"","meta":{"_acf_changed":false,"inline_featured_image":false,"footnotes":""},"class_list":["post-1122","page","type-page","status-publish","hentry"],"acf":[],"_links":{"self":[{"href":"https:\/\/www.adecedisseny.com\/es\/wp-json\/wp\/v2\/pages\/1122","targetHints":{"allow":["GET"]}}],"collection":[{"href":"https:\/\/www.adecedisseny.com\/es\/wp-json\/wp\/v2\/pages"}],"about":[{"href":"https:\/\/www.adecedisseny.com\/es\/wp-json\/wp\/v2\/types\/page"}],"author":[{"embeddable":true,"href":"https:\/\/www.adecedisseny.com\/es\/wp-json\/wp\/v2\/users\/1"}],"replies":[{"embeddable":true,"href":"https:\/\/www.adecedisseny.com\/es\/wp-json\/wp\/v2\/comments?post=1122"}],"version-history":[{"count":0,"href":"https:\/\/www.adecedisseny.com\/es\/wp-json\/wp\/v2\/pages\/1122\/revisions"}],"wp:attachment":[{"href":"https:\/\/www.adecedisseny.com\/es\/wp-json\/wp\/v2\/media?parent=1122"}],"curies":[{"name":"wp","href":"https:\/\/api.w.org\/{rel}","templated":true}]}}